{"id":408,"date":"2016-05-24T23:19:30","date_gmt":"2016-05-24T21:19:30","guid":{"rendered":"http:\/\/asfleisch.anventors.com\/?page_id=408&#038;lang=tr"},"modified":"2016-05-26T12:59:49","modified_gmt":"2016-05-26T10:59:49","slug":"hakkimizda","status":"publish","type":"page","link":"https:\/\/www.as-fleisch.de\/tr\/hakkimizda\/","title":{"rendered":"Hakk\u0131m\u0131zda"},"content":{"rendered":"<p>[vc_row css=&#8221;.vc_custom_1461847020544{margin-top: 80px !important;}&#8221;][vc_column][vc_custom_heading text=&#8221;Hakk\u0131m\u0131zda&#8221; font_container=&#8221;tag:h1|text_align:center&#8221; use_theme_fonts=&#8221;yes&#8221;][vc_custom_heading text=&#8221;AS Fleisch &#8211; Et Pazar\u0131 Bremen&#8217;deki helal garantili kasab\u0131n\u0131zd\u0131r&#8221; font_container=&#8221;tag:h2|font_size:22|text_align:center|color:%23e30a1b&#8221; use_theme_fonts=&#8221;yes&#8221;][vc_separator style=&#8221;shadow&#8221;][vc_column_text]Neuenlander Strasse&#8217;deki AS Fleisch- Et Pazar\u0131\u00a0\u015fubemiz 2003 y\u0131l\u0131ndan beri Ayan Kavak taraf\u0131ndan y\u00f6netilmektedir. Kendisi, 1970&#8217;li senelerde g\u00f6\u00e7men olarak Bremen&#8217;de i\u015fe k\u00fc\u00e7\u00fck bir kasap d\u00fckkan\u0131 a\u00e7arak ba\u015flayan Ahmet Kavak&#8217;\u0131n o\u011fludur. Firma 1994&#8217;te AS Fleisch &#8211; Et Pazar\u0131\u00a0ad\u0131n\u0131 alm\u0131\u015f ve 2003 y\u0131l\u0131na kadar Bremen genelinde perakendeci ve toptanc\u0131 ticarethanelerin sipari\u015flerine cevap vermi\u015ftir.<\/p>\n<p>O zamandan beri Bremen kasab\u0131m\u0131zda al\u0131\u015fveri\u015finizi yapabiliyor ve ihtiyac\u0131n\u0131z\u0131 kar\u015f\u0131layabiliyorsunuz. Kaliteli \u00fcr\u00fcn, \u00fcretimde temizlik ve m\u00fc\u015fterilerimizin memnuniyeti AS Fleisch &#8211; Et Pazar\u0131 kadrosu i\u00e7in \u00f6zel \u00f6nem ta\u015f\u0131maktad\u0131r. Bunun d\u0131\u015f\u0131nda Bremen kasab\u0131m\u0131zda \u00f6zel bir yeri olan di\u011fer olgu da usul\u00fcne uygun helal kesimdir.<\/p>\n<p>M\u00fc\u015fterilerimiz AS Fleisch &#8211; Et Pazar\u0131\u00a0ger\u00e7ekten de helal et oldu\u011funa g\u00fcvenebilirler. Bremen kasab\u0131m\u0131zdaki helal kesimin g\u00fcvenilir oldu\u011funu isterseniz \u015fahsen yerinde g\u00f6r\u00fcp ikna olabilirsiniz. Bu ama\u00e7la randevu alman\u0131z yeterlidir. Bremen kasab\u0131m\u0131z sizlere daima birinci s\u0131n\u0131f kaliteyi ve g\u00fclery\u00fczl\u00fc hizmeti sunmak \u00e7abas\u0131ndad\u0131r. Bunu size verilmi\u015f s\u00f6z say\u0131n, AS Fleisch &#8211; Et Pazar\u0131\u00a0y\u00fcksek standard\u0131na, helal kesim ve et al\u0131m sat\u0131m\u0131ndaki y\u0131llanm\u0131\u015f tecr\u00fcbemize g\u00fcvenin.[\/vc_column_text][vc_row_inner][vc_column_inner][vc_custom_heading text=&#8221;Galeri&#8221; font_container=&#8221;tag:h2|text_align:center&#8221; use_theme_fonts=&#8221;yes&#8221;][vc_separator style=&#8221;shadow&#8221;][\/vc_column_inner][\/vc_row_inner][\/vc_column][\/vc_row][vc_row][vc_column width=&#8221;1\/6&#8243;][\/vc_column][vc_column width=&#8221;2\/3&#8243;][vc_media_grid style=&#8221;pagination&#8221; items_per_page=&#8221;6&#8243; gap=&#8221;30&#8243; paging_design=&#8221;point_dots&#8221; paging_color=&#8221;green&#8221; item=&#8221;mediaGrid_SimpleOverlay&#8221; grid_id=&#8221;vc_gid:1464260269029-2a519af7-1b0b-2&#8243; include=&#8221;79,78,77,210,211,212,213,214,217,218,219,221&#8243; paging_animation_in=&#8221;fadeIn&#8221; paging_animation_out=&#8221;fadeOut&#8221;][\/vc_column][vc_column width=&#8221;1\/6&#8243;][\/vc_column][\/vc_row]<\/p>\n","protected":false},"excerpt":{"rendered":"<p>[vc_row css=&#8221;.vc_custom_1461847020544{margin-top: 80px !important;}&#8221;][vc_column][vc_custom_heading text=&#8221;Hakk\u0131m\u0131zda&#8221; font_container=&#8221;tag:h1|text_align:center&#8221; use_theme_fonts=&#8221;yes&#8221;][vc_custom_heading text=&#8221;AS Fleisch &#8211; Et Pazar\u0131 Bremen&#8217;deki helal garantili kasab\u0131n\u0131zd\u0131r&#8221; font_container=&#8221;tag:h2|font_size:22|text_align:center|color:%23e30a1b&#8221; use_theme_fonts=&#8221;yes&#8221;][vc_separator style=&#8221;shadow&#8221;][vc_column_text]Neuenlander Strasse&#8217;deki AS Fleisch- Et Pazar\u0131\u00a0\u015fubemiz 2003 y\u0131l\u0131ndan<span class=\"excerpt-hellip\"> [\u2026]<\/span><\/p>\n","protected":false},"author":1,"featured_media":0,"parent":0,"menu_order":0,"comment_status":"closed","ping_status":"closed","template":"","meta":{"footnotes":""},"class_list":["post-408","page","type-page","status-publish","hentry"],"_links":{"self":[{"href":"https:\/\/www.as-fleisch.de\/tr\/wp-json\/wp\/v2\/pages\/408","targetHints":{"allow":["GET"]}}],"collection":[{"href":"https:\/\/www.as-fleisch.de\/tr\/wp-json\/wp\/v2\/pages"}],"about":[{"href":"https:\/\/www.as-fleisch.de\/tr\/wp-json\/wp\/v2\/types\/page"}],"author":[{"embeddable":true,"href":"https:\/\/www.as-fleisch.de\/tr\/wp-json\/wp\/v2\/users\/1"}],"replies":[{"embeddable":true,"href":"https:\/\/www.as-fleisch.de\/tr\/wp-json\/wp\/v2\/comments?post=408"}],"version-history":[{"count":5,"href":"https:\/\/www.as-fleisch.de\/tr\/wp-json\/wp\/v2\/pages\/408\/revisions"}],"predecessor-version":[{"id":451,"href":"https:\/\/www.as-fleisch.de\/tr\/wp-json\/wp\/v2\/pages\/408\/revisions\/451"}],"wp:attachment":[{"href":"https:\/\/www.as-fleisch.de\/tr\/wp-json\/wp\/v2\/media?parent=408"}],"curies":[{"name":"wp","href":"https:\/\/api.w.org\/{rel}","templated":true}]}}