{"id":403,"date":"2016-05-24T22:42:45","date_gmt":"2016-05-24T20:42:45","guid":{"rendered":"http:\/\/asfleisch.anventors.com\/?page_id=403&#038;lang=tr"},"modified":"2016-05-26T13:02:12","modified_gmt":"2016-05-26T11:02:12","slug":"kalite","status":"publish","type":"page","link":"https:\/\/www.as-fleisch.de\/tr\/kalite\/","title":{"rendered":"Kalite"},"content":{"rendered":"<p>[vc_row css=&#8221;.vc_custom_1464216539031{margin-top: 80px !important;}&#8221; el_id=&#8221;kalite&#8221;][vc_column][vc_custom_heading text=&#8221;AS Fleisch &#8211; Et Pazar\u0131 en iyi kalite et demektir&#8221; font_container=&#8221;tag:h1|text_align:center&#8221; use_theme_fonts=&#8221;yes&#8221; el_class=&#8221;qualitaet&#8221;][vc_separator style=&#8221;shadow&#8221;][vc_column_text]On y\u0131l\u0131 a\u015fk\u0131n bir s\u00fcredir AB Besin Maddeleri Hijyen Yasas\u0131 (HACCP) y\u00fcr\u00fcrl\u00fcktedir ve o zamana kadar Almanya&#8217;da ge\u00e7erli olan Besin Maddeleri Hijyen Talimatnamesi&#8217;nin yerini alm\u0131\u015ft\u0131r.<\/p>\n<p>AS Fleisch &#8211; Et Pazar\u0131\u00a0kadrosu i\u015fletmemizdeki et kalitesi bak\u0131m\u0131ndan HACCP standartlar\u0131na harfiyen uymaktad\u0131r. Biz m\u00fc\u015fterilerimize sadece HACCP Y\u00f6netmeli\u011fi uyar\u0131nca imal edilmi\u015f et \u00fcr\u00fcnleri satmaktay\u0131z. Bu, haz\u0131rlama ve i\u015flemedeki b\u00fct\u00fcn a\u015famalar\u0131 kapsamakta ve depolama ile paketlemeyi de i\u00e7ine almaktad\u0131r.<\/p>\n<p>Et almak tamam\u0131yla g\u00fcvene dayal\u0131 bir olayd\u0131r. AS Fleisch &#8211; Et Pazar\u0131 olarak biz et kalitesine \u00e7ok \u00f6nem veririz. Bundan dolay\u0131 sizler her zaman Bremen&#8217;deki kasab\u0131m\u0131z\u0131n birinci s\u0131n\u0131f \u00fcr\u00fcnlerine g\u00fcvenebilirsiniz.[\/vc_column_text][\/vc_column][\/vc_row][vc_row el_id=&#8221;halal&#8221;][vc_column][vc_custom_heading text=&#8221;AS Fleisch &#8211; Et Pazar\u0131 g\u00fcvenilir helal \u00fcr\u00fcnd\u00fcr&#8221; font_container=&#8221;tag:h2|text_align:center&#8221; use_theme_fonts=&#8221;yes&#8221; el_class=&#8221;halal&#8221;][vc_separator style=&#8221;shadow&#8221;][vc_row_inner][vc_column_inner width=&#8221;1\/4&#8243;][vc_single_image image=&#8221;256&#8243; img_size=&#8221;full&#8221; alignment=&#8221;center&#8221; css=&#8221;.vc_custom_1461863365148{margin-top: 40px !important;margin-bottom: 0px !important;padding-top: 0px !important;padding-bottom: 0px !important;}&#8221;][\/vc_column_inner][vc_column_inner width=&#8221;3\/4&#8243;][vc_column_text]AS Fleisch &#8211; Et Pazar\u0131\u00a0Bremen ve \u00e7evresinde katk\u0131s\u0131z helal etin en iyi bilinen adresidir.<\/p>\n<p>Kasab\u0131m\u0131z islami kesim usullerine harfiyen uyarak \u00e7al\u0131\u015f\u0131r bundan taviz vermez. AS-Fleisch&#8217;da sadece usul\u00fcne uygun kesilmi\u015f hayvanlar\u0131n eti i\u015flenir. Bizim memnun m\u00fc\u015fterilerimiz et \u00fcr\u00fcnlerimizde helal kesime ne kadar \u00f6nem verdi\u011fimizi bilmektedirler ve bizim imalat\u0131m\u0131z olan helal ete g\u00fcvenirler.<\/p>\n<p>AS Fleisch&#8217;dan sadece ve sadece helal et ald\u0131\u011f\u0131n\u0131za gelin kendiniz kanaat getirin. Kesimhanelerimizde ne kadar temiz ve usul\u00fcne uygun \u00e7al\u0131\u015f\u0131ld\u0131\u011f\u0131 hakk\u0131nda kendiniz fikir edinin. Bremen kasab\u0131n\u0131z\u0131n helal kalitesine y\u00fczde y\u00fcz g\u00fcvenebilirsiniz.[\/vc_column_text][\/vc_column_inner][\/vc_row_inner][\/vc_column][\/vc_row]<\/p>\n","protected":false},"excerpt":{"rendered":"<p>[vc_row css=&#8221;.vc_custom_1464216539031{margin-top: 80px !important;}&#8221; el_id=&#8221;kalite&#8221;][vc_column][vc_custom_heading text=&#8221;AS Fleisch &#8211; Et Pazar\u0131 en iyi kalite et demektir&#8221; font_container=&#8221;tag:h1|text_align:center&#8221; use_theme_fonts=&#8221;yes&#8221; el_class=&#8221;qualitaet&#8221;][vc_separator style=&#8221;shadow&#8221;][vc_column_text]On y\u0131l\u0131 a\u015fk\u0131n bir s\u00fcredir AB Besin Maddeleri<span class=\"excerpt-hellip\"> [\u2026]<\/span><\/p>\n","protected":false},"author":1,"featured_media":0,"parent":0,"menu_order":0,"comment_status":"closed","ping_status":"closed","template":"","meta":{"footnotes":""},"class_list":["post-403","page","type-page","status-publish","hentry"],"_links":{"self":[{"href":"https:\/\/www.as-fleisch.de\/tr\/wp-json\/wp\/v2\/pages\/403","targetHints":{"allow":["GET"]}}],"collection":[{"href":"https:\/\/www.as-fleisch.de\/tr\/wp-json\/wp\/v2\/pages"}],"about":[{"href":"https:\/\/www.as-fleisch.de\/tr\/wp-json\/wp\/v2\/types\/page"}],"author":[{"embeddable":true,"href":"https:\/\/www.as-fleisch.de\/tr\/wp-json\/wp\/v2\/users\/1"}],"replies":[{"embeddable":true,"href":"https:\/\/www.as-fleisch.de\/tr\/wp-json\/wp\/v2\/comments?post=403"}],"version-history":[{"count":4,"href":"https:\/\/www.as-fleisch.de\/tr\/wp-json\/wp\/v2\/pages\/403\/revisions"}],"predecessor-version":[{"id":453,"href":"https:\/\/www.as-fleisch.de\/tr\/wp-json\/wp\/v2\/pages\/403\/revisions\/453"}],"wp:attachment":[{"href":"https:\/\/www.as-fleisch.de\/tr\/wp-json\/wp\/v2\/media?parent=403"}],"curies":[{"name":"wp","href":"https:\/\/api.w.org\/{rel}","templated":true}]}}